{"id":21198,"date":"2023-08-28T16:24:07","date_gmt":"2023-08-28T14:24:07","guid":{"rendered":"https:\/\/oxceed.com\/?page_id=21198"},"modified":"2024-07-18T08:42:55","modified_gmt":"2024-07-18T06:42:55","slug":"hogst-upp-pa-svenska-ekonomichefers-agenda","status":"publish","type":"page","link":"https:\/\/oxceed.com\/fi\/hogst-upp-pa-svenska-ekonomichefers-agenda\/","title":{"rendered":"H\u00f6gst upp p\u00e5 svenska ekonomichefers agenda"},"content":{"rendered":"\t\t<div data-elementor-type=\"wp-page\" data-elementor-id=\"21198\" class=\"elementor elementor-21198\" data-elementor-post-type=\"page\">\n\t\t\t\t\t\t<section class=\"elementor-section elementor-top-section elementor-element elementor-element-7261501 elementor-section-boxed elementor-section-height-default elementor-section-height-default\" data-id=\"7261501\" data-element_type=\"section\" data-e-type=\"section\" data-settings=\"{&quot;jet_parallax_layout_list&quot;:[]}\">\n\t\t\t\t\t\t<div class=\"elementor-container elementor-column-gap-default\">\n\t\t\t\t\t<div class=\"elementor-column elementor-col-100 elementor-top-column elementor-element elementor-element-7e61839\" data-id=\"7e61839\" data-element_type=\"column\" data-e-type=\"column\">\n\t\t\t<div class=\"elementor-widget-wrap\">\n\t\t\t\t\t\t\t<\/div>\n\t\t<\/div>\n\t\t\t\t\t<\/div>\n\t\t<\/section>\n\t\t\t\t<section class=\"elementor-section elementor-top-section elementor-element elementor-element-16084f9 elementor-section-full_width elementor-section-stretched elementor-section-height-default elementor-section-height-default\" data-id=\"16084f9\" data-element_type=\"section\" data-e-type=\"section\" data-settings=\"{&quot;stretch_section&quot;:&quot;section-stretched&quot;,&quot;jet_parallax_layout_list&quot;:[{&quot;jet_parallax_layout_image&quot;:{&quot;url&quot;:&quot;&quot;,&quot;id&quot;:&quot;&quot;,&quot;size&quot;:&quot;&quot;},&quot;_id&quot;:&quot;5baf2ad&quot;,&quot;jet_parallax_layout_image_tablet&quot;:{&quot;url&quot;:&quot;&quot;,&quot;id&quot;:&quot;&quot;,&quot;size&quot;:&quot;&quot;},&quot;jet_parallax_layout_image_mobile&quot;:{&quot;url&quot;:&quot;&quot;,&quot;id&quot;:&quot;&quot;,&quot;size&quot;:&quot;&quot;},&quot;jet_parallax_layout_speed&quot;:{&quot;unit&quot;:&quot;%&quot;,&quot;size&quot;:50,&quot;sizes&quot;:[]},&quot;jet_parallax_layout_type&quot;:&quot;scroll&quot;,&quot;jet_parallax_layout_direction&quot;:&quot;1&quot;,&quot;jet_parallax_layout_fx_direction&quot;:null,&quot;jet_parallax_layout_z_index&quot;:&quot;&quot;,&quot;jet_parallax_layout_bg_x&quot;:50,&quot;jet_parallax_layout_bg_x_tablet&quot;:&quot;&quot;,&quot;jet_parallax_layout_bg_x_mobile&quot;:&quot;&quot;,&quot;jet_parallax_layout_bg_y&quot;:50,&quot;jet_parallax_layout_bg_y_tablet&quot;:&quot;&quot;,&quot;jet_parallax_layout_bg_y_mobile&quot;:&quot;&quot;,&quot;jet_parallax_layout_bg_size&quot;:&quot;auto&quot;,&quot;jet_parallax_layout_bg_size_tablet&quot;:&quot;&quot;,&quot;jet_parallax_layout_bg_size_mobile&quot;:&quot;&quot;,&quot;jet_parallax_layout_animation_prop&quot;:&quot;transform&quot;,&quot;jet_parallax_layout_on&quot;:[&quot;desktop&quot;,&quot;tablet&quot;]}],&quot;background_background&quot;:&quot;classic&quot;}\">\n\t\t\t\t\t\t<div class=\"elementor-container elementor-column-gap-default\">\n\t\t\t\t\t<div class=\"elementor-column elementor-col-100 elementor-top-column elementor-element elementor-element-3ece1cc\" data-id=\"3ece1cc\" data-element_type=\"column\" data-e-type=\"column\">\n\t\t\t<div class=\"elementor-widget-wrap elementor-element-populated\">\n\t\t\t\t\t\t<div class=\"elementor-element elementor-element-6d90952 elementor-widget elementor-widget-spacer\" data-id=\"6d90952\" data-element_type=\"widget\" data-e-type=\"widget\" data-widget_type=\"spacer.default\">\n\t\t\t\t\t\t\t<div class=\"elementor-spacer\">\n\t\t\t<div class=\"elementor-spacer-inner\"><\/div>\n\t\t<\/div>\n\t\t\t\t\t\t<\/div>\n\t\t\t\t\t<\/div>\n\t\t<\/div>\n\t\t\t\t\t<\/div>\n\t\t<\/section>\n\t\t\t\t<section class=\"elementor-section elementor-top-section elementor-element elementor-element-dd5c4e9 elementor-section-content-middle elementor-section-boxed elementor-section-height-default elementor-section-height-default elementor-invisible\" data-id=\"dd5c4e9\" data-element_type=\"section\" data-e-type=\"section\" data-settings=\"{&quot;jet_parallax_layout_list&quot;:[{&quot;jet_parallax_layout_image&quot;:{&quot;url&quot;:&quot;&quot;,&quot;id&quot;:&quot;&quot;,&quot;size&quot;:&quot;&quot;},&quot;_id&quot;:&quot;b6f69a7&quot;,&quot;jet_parallax_layout_image_tablet&quot;:{&quot;url&quot;:&quot;&quot;,&quot;id&quot;:&quot;&quot;,&quot;size&quot;:&quot;&quot;},&quot;jet_parallax_layout_image_mobile&quot;:{&quot;url&quot;:&quot;&quot;,&quot;id&quot;:&quot;&quot;,&quot;size&quot;:&quot;&quot;},&quot;jet_parallax_layout_speed&quot;:{&quot;unit&quot;:&quot;%&quot;,&quot;size&quot;:50,&quot;sizes&quot;:[]},&quot;jet_parallax_layout_type&quot;:&quot;scroll&quot;,&quot;jet_parallax_layout_direction&quot;:&quot;1&quot;,&quot;jet_parallax_layout_fx_direction&quot;:null,&quot;jet_parallax_layout_z_index&quot;:&quot;&quot;,&quot;jet_parallax_layout_bg_x&quot;:50,&quot;jet_parallax_layout_bg_x_tablet&quot;:&quot;&quot;,&quot;jet_parallax_layout_bg_x_mobile&quot;:&quot;&quot;,&quot;jet_parallax_layout_bg_y&quot;:50,&quot;jet_parallax_layout_bg_y_tablet&quot;:&quot;&quot;,&quot;jet_parallax_layout_bg_y_mobile&quot;:&quot;&quot;,&quot;jet_parallax_layout_bg_size&quot;:&quot;auto&quot;,&quot;jet_parallax_layout_bg_size_tablet&quot;:&quot;&quot;,&quot;jet_parallax_layout_bg_size_mobile&quot;:&quot;&quot;,&quot;jet_parallax_layout_animation_prop&quot;:&quot;transform&quot;,&quot;jet_parallax_layout_on&quot;:[&quot;desktop&quot;,&quot;tablet&quot;]}],&quot;animation&quot;:&quot;fadeIn&quot;}\">\n\t\t\t\t\t\t<div class=\"elementor-container elementor-column-gap-no\">\n\t\t\t\t\t<div class=\"elementor-column elementor-col-33 elementor-top-column elementor-element elementor-element-d327a20\" data-id=\"d327a20\" data-element_type=\"column\" data-e-type=\"column\">\n\t\t\t<div class=\"elementor-widget-wrap elementor-element-populated\">\n\t\t\t\t\t\t<div class=\"elementor-element elementor-element-fc0e994 elementor-widget elementor-widget-heading\" data-id=\"fc0e994\" data-element_type=\"widget\" data-e-type=\"widget\" data-widget_type=\"heading.default\">\n\t\t\t\t\t<h1 class=\"elementor-heading-title elementor-size-default\">H\u00f6gst upp p\u00e5 agendan hos svenska ekonomichefer <span class=\"color-teal\"> \u2013 Vi analyserar svaren<\/span> <\/h1>\t\t\t\t<\/div>\n\t\t\t\t<div class=\"elementor-element elementor-element-27b4c4a elementor-widget elementor-widget-text-editor\" data-id=\"27b4c4a\" data-element_type=\"widget\" data-e-type=\"widget\" data-widget_type=\"text-editor.default\">\n\t\t\t\t\t\t\t\t\t<p>Vilka topprioriteringar har landets ekonomichefer? Efter samtal med n\u00e4rmare 120 ekonomichefer runt om i Sverige \u00e4r det i huvudsak tre utmaningar som visar sig ligga h\u00f6gst upp p\u00e5 deras agendor.\u00a0<\/p><p>I det h\u00e4r webbinariet summerar Oxceeds Jonathan Bernel\u00f6v och Linnea Strandlund S\u00f6derling v\u00e5ra insikter av unders\u00f6kningen och svaret p\u00e5 fr\u00e5gan: <em>\u201cVad ligger h\u00f6gst p\u00e5 din priolista just nu?\u201d\u00a0<\/em><\/p><p><span style=\"color: var( --e-global-color-text );\">Unders\u00f6kningen ringar in och djupdyker i det mest aktuella p\u00e5 svenska ekonomichefers agendor d\u00e4r<\/span>\u00a0de vanligaste svaren var relaterade till<\/p><p>\ud83d\udd52 Tid \u2013 eller snarare, bristen p\u00e5 den.<\/p><p>\ud83d\udcb0 Kostnadseffektivitet \u2013 n\u00e5got som h\u00e5ller alla vakna om n\u00e4tterna.<\/p><p>\ud83d\udcca Datakvalitet \u2013 en nyckelfaktor som ingen kan bortse fr\u00e5n.<\/p><p>Fyll i formul\u00e4ret f\u00f6r att ta del av v\u00e5r inspelning och analys av unders\u00f6kningen.\u00a0<\/p>\t\t\t\t\t\t\t\t<\/div>\n\t\t\t\t<section class=\"elementor-section elementor-inner-section elementor-element elementor-element-c3ba7e5 elementor-section-boxed elementor-section-height-default elementor-section-height-default\" data-id=\"c3ba7e5\" data-element_type=\"section\" data-e-type=\"section\" data-settings=\"{&quot;jet_parallax_layout_list&quot;:[{&quot;jet_parallax_layout_image&quot;:{&quot;url&quot;:&quot;&quot;,&quot;id&quot;:&quot;&quot;,&quot;size&quot;:&quot;&quot;},&quot;_id&quot;:&quot;8bc1bd6&quot;,&quot;jet_parallax_layout_image_tablet&quot;:{&quot;url&quot;:&quot;&quot;,&quot;id&quot;:&quot;&quot;,&quot;size&quot;:&quot;&quot;},&quot;jet_parallax_layout_image_mobile&quot;:{&quot;url&quot;:&quot;&quot;,&quot;id&quot;:&quot;&quot;,&quot;size&quot;:&quot;&quot;},&quot;jet_parallax_layout_speed&quot;:{&quot;unit&quot;:&quot;%&quot;,&quot;size&quot;:50,&quot;sizes&quot;:[]},&quot;jet_parallax_layout_type&quot;:&quot;scroll&quot;,&quot;jet_parallax_layout_direction&quot;:&quot;1&quot;,&quot;jet_parallax_layout_fx_direction&quot;:null,&quot;jet_parallax_layout_z_index&quot;:&quot;&quot;,&quot;jet_parallax_layout_bg_x&quot;:50,&quot;jet_parallax_layout_bg_x_tablet&quot;:&quot;&quot;,&quot;jet_parallax_layout_bg_x_mobile&quot;:&quot;&quot;,&quot;jet_parallax_layout_bg_y&quot;:50,&quot;jet_parallax_layout_bg_y_tablet&quot;:&quot;&quot;,&quot;jet_parallax_layout_bg_y_mobile&quot;:&quot;&quot;,&quot;jet_parallax_layout_bg_size&quot;:&quot;auto&quot;,&quot;jet_parallax_layout_bg_size_tablet&quot;:&quot;&quot;,&quot;jet_parallax_layout_bg_size_mobile&quot;:&quot;&quot;,&quot;jet_parallax_layout_animation_prop&quot;:&quot;transform&quot;,&quot;jet_parallax_layout_on&quot;:[&quot;desktop&quot;,&quot;tablet&quot;]}]}\">\n\t\t\t\t\t\t<div class=\"elementor-container elementor-column-gap-default\">\n\t\t\t\t\t<div class=\"elementor-column elementor-col-50 elementor-inner-column elementor-element elementor-element-eb1fb37\" data-id=\"eb1fb37\" data-element_type=\"column\" data-e-type=\"column\">\n\t\t\t<div class=\"elementor-widget-wrap elementor-element-populated\">\n\t\t\t\t\t\t<div class=\"elementor-element elementor-element-c1962c8 elementor-widget elementor-widget-image\" data-id=\"c1962c8\" data-element_type=\"widget\" data-e-type=\"widget\" data-widget_type=\"image.default\">\n\t\t\t\t\t\t\t\t\t\t\t\t\t\t\t<img loading=\"lazy\" decoding=\"async\" width=\"150\" height=\"150\" src=\"https:\/\/oxceed.com\/fi\/wp-content\/uploads\/sites\/24\/2023\/03\/avatar-jonathan-bernelov-150x150.png\" class=\"attachment-thumbnail size-thumbnail wp-image-20293\" alt=\"\" srcset=\"https:\/\/oxceed.com\/fi\/wp-content\/uploads\/sites\/24\/2023\/03\/avatar-jonathan-bernelov-150x150.png 150w, https:\/\/oxceed.com\/fi\/wp-content\/uploads\/sites\/24\/2023\/03\/avatar-jonathan-bernelov-300x300.png 300w, https:\/\/oxceed.com\/fi\/wp-content\/uploads\/sites\/24\/2023\/03\/avatar-jonathan-bernelov.png 343w\" sizes=\"auto, (max-width: 150px) 100vw, 150px\" \/>\t\t\t\t\t\t\t\t\t\t\t\t\t\t\t<\/div>\n\t\t\t\t\t<\/div>\n\t\t<\/div>\n\t\t\t\t<div class=\"elementor-column elementor-col-50 elementor-inner-column elementor-element elementor-element-d2b6146\" data-id=\"d2b6146\" data-element_type=\"column\" data-e-type=\"column\">\n\t\t\t<div class=\"elementor-widget-wrap elementor-element-populated\">\n\t\t\t\t\t\t<div class=\"elementor-element elementor-element-de30ebe elementor-widget elementor-widget-heading\" data-id=\"de30ebe\" data-element_type=\"widget\" data-e-type=\"widget\" data-widget_type=\"heading.default\">\n\t\t\t\t\t<h4 class=\"elementor-heading-title elementor-size-default\">Jonathan Bernel\u00f6v, CFO, Oxceed\u00a0<\/h4>\t\t\t\t<\/div>\n\t\t\t\t<div class=\"elementor-element elementor-element-d83c071 elementor-widget elementor-widget-text-editor\" data-id=\"d83c071\" data-element_type=\"widget\" data-e-type=\"widget\" data-widget_type=\"text-editor.default\">\n\t\t\t\t\t\t\t\t\t<p>\u2013\u00a0Vi ville l\u00e4gga \u00f6rat mot r\u00e4lsen och f\u00e5 reda p\u00e5 vad som ligger h\u00f6gst upp p\u00e5 ekonomichefernas priolista. Vad man planerar f\u00f6r, t\u00e4nker p\u00e5, oroar sig f\u00f6r eller letar efter.<\/p>\t\t\t\t\t\t\t\t<\/div>\n\t\t\t\t\t<\/div>\n\t\t<\/div>\n\t\t\t\t\t<\/div>\n\t\t<\/section>\n\t\t\t\t\t<\/div>\n\t\t<\/div>\n\t\t\t\t<div class=\"elementor-column elementor-col-33 elementor-top-column elementor-element elementor-element-2797ad1\" data-id=\"2797ad1\" data-element_type=\"column\" data-e-type=\"column\">\n\t\t\t<div class=\"elementor-widget-wrap elementor-element-populated\">\n\t\t\t\t\t\t<div class=\"elementor-element elementor-element-1cdb701 elementor-widget elementor-widget-html\" data-id=\"1cdb701\" data-element_type=\"widget\" data-e-type=\"widget\" data-widget_type=\"html.default\">\n\t\t\t\t\t<iframe src=\"https:\/\/pages.upsales.com\/12029uff9208bf12684ab48d213daee066b407-frame\" \t\twidth=\"360\" \t\theight=\"600\" \t\tstyle=\"border:0\"><\/iframe>\t\t\t\t<\/div>\n\t\t\t\t\t<\/div>\n\t\t<\/div>\n\t\t\t\t<div class=\"elementor-column elementor-col-33 elementor-top-column elementor-element elementor-element-6cd8282\" data-id=\"6cd8282\" data-element_type=\"column\" data-e-type=\"column\">\n\t\t\t<div class=\"elementor-widget-wrap\">\n\t\t\t\t\t\t\t<\/div>\n\t\t<\/div>\n\t\t\t\t\t<\/div>\n\t\t<\/section>\n\t\t\t\t<\/div>\n\t\t","protected":false},"excerpt":{"rendered":"<p>H\u00f6gst upp p\u00e5 agendan hos svenska ekonomichefer \u2013 Vi analyserar svaren Vilka topprioriteringar har landets ekonomichefer? Efter samtal med n\u00e4rmare 120 ekonomichefer runt om i Sverige \u00e4r det i huvudsak tre utmaningar som visar sig ligga h\u00f6gst upp p\u00e5 deras agendor.\u00a0 I det h\u00e4r webbinariet summerar Oxceeds Jonathan Bernel\u00f6v och Linnea Strandlund S\u00f6derling v\u00e5ra insikter [&hellip;]<\/p>\n","protected":false},"author":7,"featured_media":21726,"parent":0,"menu_order":0,"comment_status":"closed","ping_status":"closed","template":"","meta":{"_acf_changed":false,"_trash_the_other_posts":false,"editor_notices":[],"footnotes":""},"class_list":["post-21198","page","type-page","status-publish","has-post-thumbnail","hentry"],"acf":[],"yoast_head":"<!-- This site is optimized with the Yoast SEO Premium plugin v26.5 (Yoast SEO v27.4) - https:\/\/yoast.com\/product\/yoast-seo-premium-wordpress\/ -->\n<title>H\u00f6gst upp p\u00e5 svenska ekonomichefers agenda - Oxceed Finland<\/title>\n<meta name=\"robots\" content=\"noindex, follow\" \/>\n<meta property=\"og:locale\" content=\"en_GB\" \/>\n<meta property=\"og:type\" content=\"article\" \/>\n<meta property=\"og:title\" content=\"H\u00f6gst upp p\u00e5 svenska ekonomichefers agenda\" \/>\n<meta property=\"og:description\" content=\"H\u00f6gst upp p\u00e5 agendan hos svenska ekonomichefer \u2013 Vi analyserar svaren Vilka topprioriteringar har landets ekonomichefer? Efter samtal med n\u00e4rmare 120 ekonomichefer runt om i Sverige \u00e4r det i huvudsak tre utmaningar som visar sig ligga h\u00f6gst upp p\u00e5 deras agendor.\u00a0 I det h\u00e4r webbinariet summerar Oxceeds Jonathan Bernel\u00f6v och Linnea Strandlund S\u00f6derling v\u00e5ra insikter [&hellip;]\" \/>\n<meta property=\"og:url\" content=\"https:\/\/oxceed.com\/fi\/hogst-upp-pa-svenska-ekonomichefers-agenda\/\" \/>\n<meta property=\"og:site_name\" content=\"Oxceed Finland\" \/>\n<meta property=\"article:modified_time\" content=\"2024-07-18T06:42:55+00:00\" \/>\n<meta property=\"og:image\" content=\"https:\/\/oxceed.com\/fi\/wp-content\/uploads\/sites\/24\/2023\/08\/Skarmavbild-2023-08-22-kl.-08.58.36.png\" \/>\n\t<meta property=\"og:image:width\" content=\"1853\" \/>\n\t<meta property=\"og:image:height\" content=\"990\" \/>\n\t<meta property=\"og:image:type\" content=\"image\/png\" \/>\n<meta name=\"twitter:card\" content=\"summary_large_image\" \/>\n<meta name=\"twitter:label1\" content=\"Estimated reading time\" \/>\n\t<meta name=\"twitter:data1\" content=\"2 minutes\" \/>\n<script type=\"application\/ld+json\" class=\"yoast-schema-graph\">{\"@context\":\"https:\\\/\\\/schema.org\",\"@graph\":[{\"@type\":\"WebPage\",\"@id\":\"https:\\\/\\\/oxceed.com\\\/fi\\\/hogst-upp-pa-svenska-ekonomichefers-agenda\\\/\",\"url\":\"https:\\\/\\\/oxceed.com\\\/fi\\\/hogst-upp-pa-svenska-ekonomichefers-agenda\\\/\",\"name\":\"H\u00f6gst upp p\u00e5 svenska ekonomichefers agenda - Oxceed Finland\",\"isPartOf\":{\"@id\":\"https:\\\/\\\/oxceed.com\\\/fi\\\/#website\"},\"primaryImageOfPage\":{\"@id\":\"https:\\\/\\\/oxceed.com\\\/fi\\\/hogst-upp-pa-svenska-ekonomichefers-agenda\\\/#primaryimage\"},\"image\":{\"@id\":\"https:\\\/\\\/oxceed.com\\\/fi\\\/hogst-upp-pa-svenska-ekonomichefers-agenda\\\/#primaryimage\"},\"thumbnailUrl\":\"https:\\\/\\\/oxceed.com\\\/fi\\\/wp-content\\\/uploads\\\/sites\\\/24\\\/2023\\\/08\\\/Skarmavbild-2023-08-22-kl.-08.58.36.png\",\"datePublished\":\"2023-08-28T14:24:07+00:00\",\"dateModified\":\"2024-07-18T06:42:55+00:00\",\"breadcrumb\":{\"@id\":\"https:\\\/\\\/oxceed.com\\\/fi\\\/hogst-upp-pa-svenska-ekonomichefers-agenda\\\/#breadcrumb\"},\"inLanguage\":\"en-GB\",\"potentialAction\":[{\"@type\":\"ReadAction\",\"target\":[\"https:\\\/\\\/oxceed.com\\\/fi\\\/hogst-upp-pa-svenska-ekonomichefers-agenda\\\/\"]}]},{\"@type\":\"ImageObject\",\"inLanguage\":\"en-GB\",\"@id\":\"https:\\\/\\\/oxceed.com\\\/fi\\\/hogst-upp-pa-svenska-ekonomichefers-agenda\\\/#primaryimage\",\"url\":\"https:\\\/\\\/oxceed.com\\\/fi\\\/wp-content\\\/uploads\\\/sites\\\/24\\\/2023\\\/08\\\/Skarmavbild-2023-08-22-kl.-08.58.36.png\",\"contentUrl\":\"https:\\\/\\\/oxceed.com\\\/fi\\\/wp-content\\\/uploads\\\/sites\\\/24\\\/2023\\\/08\\\/Skarmavbild-2023-08-22-kl.-08.58.36.png\",\"width\":1853,\"height\":990},{\"@type\":\"BreadcrumbList\",\"@id\":\"https:\\\/\\\/oxceed.com\\\/fi\\\/hogst-upp-pa-svenska-ekonomichefers-agenda\\\/#breadcrumb\",\"itemListElement\":[{\"@type\":\"ListItem\",\"position\":1,\"name\":\"Home\",\"item\":\"https:\\\/\\\/oxceed.com\\\/fi\\\/\"},{\"@type\":\"ListItem\",\"position\":2,\"name\":\"H\u00f6gst upp p\u00e5 svenska ekonomichefers agenda\"}]},{\"@type\":\"WebSite\",\"@id\":\"https:\\\/\\\/oxceed.com\\\/fi\\\/#website\",\"url\":\"https:\\\/\\\/oxceed.com\\\/fi\\\/\",\"name\":\"Oxceed Finland\",\"description\":\"Fatta b\u00e4ttre beslut med Oxceed\",\"potentialAction\":[{\"@type\":\"SearchAction\",\"target\":{\"@type\":\"EntryPoint\",\"urlTemplate\":\"https:\\\/\\\/oxceed.com\\\/fi\\\/?s={search_term_string}\"},\"query-input\":{\"@type\":\"PropertyValueSpecification\",\"valueRequired\":true,\"valueName\":\"search_term_string\"}}],\"inLanguage\":\"en-GB\"}]}<\/script>\n<!-- \/ Yoast SEO Premium plugin. -->","yoast_head_json":{"title":"H\u00f6gst upp p\u00e5 svenska ekonomichefers agenda - Oxceed Finland","robots":{"index":"noindex","follow":"follow"},"og_locale":"en_GB","og_type":"article","og_title":"H\u00f6gst upp p\u00e5 svenska ekonomichefers agenda","og_description":"H\u00f6gst upp p\u00e5 agendan hos svenska ekonomichefer \u2013 Vi analyserar svaren Vilka topprioriteringar har landets ekonomichefer? Efter samtal med n\u00e4rmare 120 ekonomichefer runt om i Sverige \u00e4r det i huvudsak tre utmaningar som visar sig ligga h\u00f6gst upp p\u00e5 deras agendor.\u00a0 I det h\u00e4r webbinariet summerar Oxceeds Jonathan Bernel\u00f6v och Linnea Strandlund S\u00f6derling v\u00e5ra insikter [&hellip;]","og_url":"https:\/\/oxceed.com\/fi\/hogst-upp-pa-svenska-ekonomichefers-agenda\/","og_site_name":"Oxceed Finland","article_modified_time":"2024-07-18T06:42:55+00:00","og_image":[{"width":1853,"height":990,"url":"https:\/\/oxceed.com\/fi\/wp-content\/uploads\/sites\/24\/2023\/08\/Skarmavbild-2023-08-22-kl.-08.58.36.png","type":"image\/png"}],"twitter_card":"summary_large_image","twitter_misc":{"Estimated reading time":"2 minutes"},"schema":{"@context":"https:\/\/schema.org","@graph":[{"@type":"WebPage","@id":"https:\/\/oxceed.com\/fi\/hogst-upp-pa-svenska-ekonomichefers-agenda\/","url":"https:\/\/oxceed.com\/fi\/hogst-upp-pa-svenska-ekonomichefers-agenda\/","name":"H\u00f6gst upp p\u00e5 svenska ekonomichefers agenda - Oxceed Finland","isPartOf":{"@id":"https:\/\/oxceed.com\/fi\/#website"},"primaryImageOfPage":{"@id":"https:\/\/oxceed.com\/fi\/hogst-upp-pa-svenska-ekonomichefers-agenda\/#primaryimage"},"image":{"@id":"https:\/\/oxceed.com\/fi\/hogst-upp-pa-svenska-ekonomichefers-agenda\/#primaryimage"},"thumbnailUrl":"https:\/\/oxceed.com\/fi\/wp-content\/uploads\/sites\/24\/2023\/08\/Skarmavbild-2023-08-22-kl.-08.58.36.png","datePublished":"2023-08-28T14:24:07+00:00","dateModified":"2024-07-18T06:42:55+00:00","breadcrumb":{"@id":"https:\/\/oxceed.com\/fi\/hogst-upp-pa-svenska-ekonomichefers-agenda\/#breadcrumb"},"inLanguage":"en-GB","potentialAction":[{"@type":"ReadAction","target":["https:\/\/oxceed.com\/fi\/hogst-upp-pa-svenska-ekonomichefers-agenda\/"]}]},{"@type":"ImageObject","inLanguage":"en-GB","@id":"https:\/\/oxceed.com\/fi\/hogst-upp-pa-svenska-ekonomichefers-agenda\/#primaryimage","url":"https:\/\/oxceed.com\/fi\/wp-content\/uploads\/sites\/24\/2023\/08\/Skarmavbild-2023-08-22-kl.-08.58.36.png","contentUrl":"https:\/\/oxceed.com\/fi\/wp-content\/uploads\/sites\/24\/2023\/08\/Skarmavbild-2023-08-22-kl.-08.58.36.png","width":1853,"height":990},{"@type":"BreadcrumbList","@id":"https:\/\/oxceed.com\/fi\/hogst-upp-pa-svenska-ekonomichefers-agenda\/#breadcrumb","itemListElement":[{"@type":"ListItem","position":1,"name":"Home","item":"https:\/\/oxceed.com\/fi\/"},{"@type":"ListItem","position":2,"name":"H\u00f6gst upp p\u00e5 svenska ekonomichefers agenda"}]},{"@type":"WebSite","@id":"https:\/\/oxceed.com\/fi\/#website","url":"https:\/\/oxceed.com\/fi\/","name":"Oxceed Finland","description":"Fatta b\u00e4ttre beslut med Oxceed","potentialAction":[{"@type":"SearchAction","target":{"@type":"EntryPoint","urlTemplate":"https:\/\/oxceed.com\/fi\/?s={search_term_string}"},"query-input":{"@type":"PropertyValueSpecification","valueRequired":true,"valueName":"search_term_string"}}],"inLanguage":"en-GB"}]}},"_links":{"self":[{"href":"https:\/\/oxceed.com\/fi\/wp-json\/wp\/v2\/pages\/21198","targetHints":{"allow":["GET"]}}],"collection":[{"href":"https:\/\/oxceed.com\/fi\/wp-json\/wp\/v2\/pages"}],"about":[{"href":"https:\/\/oxceed.com\/fi\/wp-json\/wp\/v2\/types\/page"}],"author":[{"embeddable":true,"href":"https:\/\/oxceed.com\/fi\/wp-json\/wp\/v2\/users\/7"}],"replies":[{"embeddable":true,"href":"https:\/\/oxceed.com\/fi\/wp-json\/wp\/v2\/comments?post=21198"}],"version-history":[{"count":70,"href":"https:\/\/oxceed.com\/fi\/wp-json\/wp\/v2\/pages\/21198\/revisions"}],"predecessor-version":[{"id":29555,"href":"https:\/\/oxceed.com\/fi\/wp-json\/wp\/v2\/pages\/21198\/revisions\/29555"}],"wp:featuredmedia":[{"embeddable":true,"href":"https:\/\/oxceed.com\/fi\/wp-json\/wp\/v2\/media\/21726"}],"wp:attachment":[{"href":"https:\/\/oxceed.com\/fi\/wp-json\/wp\/v2\/media?parent=21198"}],"curies":[{"name":"wp","href":"https:\/\/api.w.org\/{rel}","templated":true}]}}